{"id":8,"date":"2024-10-14T09:37:29","date_gmt":"2024-10-14T09:37:29","guid":{"rendered":"https:\/\/tbakademia.hu\/?page_id=8"},"modified":"2026-03-17T16:32:47","modified_gmt":"2026-03-17T16:32:47","slug":"fooldal","status":"publish","type":"page","link":"https:\/\/tbakademia.hu\/","title":{"rendered":"F\u0151oldal"},"content":{"rendered":"\n<div class=\"wp-block-cover alignfull is-light\"><img loading=\"lazy\" decoding=\"async\" width=\"1920\" height=\"400\" class=\"wp-block-cover__image-background wp-image-14\" alt=\"\" src=\"https:\/\/tbakademia.hu\/wp-content\/uploads\/2024\/10\/cover.png\" style=\"object-position:50% 48%\" data-object-fit=\"cover\" data-object-position=\"50% 48%\" srcset=\"https:\/\/tbakademia.hu\/wp-content\/uploads\/2024\/10\/cover.png 1920w, https:\/\/tbakademia.hu\/wp-content\/uploads\/2024\/10\/cover-300x63.png 300w, https:\/\/tbakademia.hu\/wp-content\/uploads\/2024\/10\/cover-1024x213.png 1024w, https:\/\/tbakademia.hu\/wp-content\/uploads\/2024\/10\/cover-768x160.png 768w, https:\/\/tbakademia.hu\/wp-content\/uploads\/2024\/10\/cover-1536x320.png 1536w\" sizes=\"auto, (max-width: 1920px) 100vw, 1920px\" \/><span aria-hidden=\"true\" class=\"wp-block-cover__background has-background-dim-30 has-background-dim\" style=\"background-color:#d6d6b1\"><\/span><div class=\"wp-block-cover__inner-container is-layout-constrained wp-block-cover-is-layout-constrained\">\n<h1 class=\"wp-block-heading has-text-align-center has-ast-global-color-8-color has-text-color has-link-color wp-elements-33fc07139c06934a6d3c1d7e896acc2c\" style=\"margin-top:0;margin-bottom:0;font-size:53px\"><strong>TB AKAD\u00c9MIA<\/strong><\/h1>\n\n\n\n<h2 class=\"wp-block-heading has-text-align-center has-ast-global-color-8-color has-text-color has-link-color wp-elements-955e55075619edef19c4a8bf93ccb509\" style=\"margin-top:0;margin-bottom:0;padding-top:0;padding-bottom:0;font-size:30px\"><strong><strong>\u00c1llami Tan\u00fas\u00edtv\u00e1ny, Vezinf\u00f3 Certifik\u00e1t, Aj\u00e1nd\u00e9k Szakk\u00f6nyv<\/strong><\/strong><\/h2>\n\n\n\n<div class=\"wp-block-buttons is-content-justification-center is-layout-flex wp-container-core-buttons-is-layout-a89b3969 wp-block-buttons-is-layout-flex\">\n<div class=\"wp-block-button\"><a class=\"wp-block-button__link wp-element-button\" href=\"https:\/\/konferenciashop.vezinfo.hu\/TB-AKADEMIA-Video\" target=\"_blank\" rel=\"noreferrer noopener\">K\u00e9rem a vide\u00f3k\u00e9pz\u00e9st! \u00bb<\/a><\/div>\n<\/div>\n<\/div><\/div>\n\n\n\n<div class=\"wp-block-columns is-layout-flex wp-container-core-columns-is-layout-94363411 wp-block-columns-is-layout-flex\" style=\"padding-bottom:var(--wp--preset--spacing--20)\">\n<div class=\"wp-block-column is-layout-flow wp-block-column-is-layout-flow\">\n<figure class=\"wp-block-embed is-type-video is-provider-youtube wp-block-embed-youtube wp-embed-aspect-16-9 wp-has-aspect-ratio\"><div class=\"wp-block-embed__wrapper\">\n<div class=\"ast-oembed-container \" style=\"height: 100%;\"><iframe loading=\"lazy\" title=\"Mir\u0151l lesz sz\u00f3 a TB Akad\u00e9mi\u00e1n?\" width=\"500\" height=\"281\" src=\"https:\/\/www.youtube.com\/embed\/kQVYaS4aSKI?feature=oembed\" frameborder=\"0\" allow=\"accelerometer; autoplay; clipboard-write; encrypted-media; gyroscope; picture-in-picture; web-share\" referrerpolicy=\"strict-origin-when-cross-origin\" allowfullscreen><\/iframe><\/div>\n<\/div><\/figure>\n<\/div>\n\n\n\n<div class=\"wp-block-column is-layout-flow wp-block-column-is-layout-flow\">\n<p class=\"has-text-align-left has-medium-font-size\"><strong><mark style=\"background-color:rgba(0, 0, 0, 0);color:#f1754e\" class=\"has-inline-color\"><strong><strong>Hi\u00e1nyp\u00f3tl\u00f3 tr\u00e9ningsorozat \u2013 t\u00e1rsadalombiztos\u00edt\u00e1s a gyakorlatban<\/strong><\/strong><\/mark><\/strong><\/p>\n\n\n\n<p><strong><mark style=\"background-color:rgba(0, 0, 0, 0);color:#0e76bc\" class=\"has-inline-color\"><strong><strong><strong><strong><strong><strong><strong><strong><strong><strong>2026. \u00e1prilis 30-ig m\u00e9g lehet csatlakozni az egyed\u00fcl\u00e1ll\u00f3, \u00c1llami Tan\u00fas\u00edtv\u00e1nyt, Vezinf\u00f3 Certifik\u00e1tot ad\u00f3,\u00a0b\u00e9rsz\u00e1mfejt\u0151knek, tb-\u00fcgyint\u00e9z\u0151knek, HR vezet\u0151knek, k\u00f6nyvel\u0151knek, ad\u00f3szak\u00e9rt\u0151knek, szem\u00e9ly\u00fcgyi szakembereknek sz\u00f3l\u00f3 TB AKAD\u00c9MIA r\u00e9sztvev\u0151ihez!<\/strong><\/strong><\/strong><\/strong><\/strong><\/strong><\/strong><\/strong><\/strong><\/strong><\/mark><\/strong><\/p>\n<\/div>\n<\/div>\n\n\n\n<div style=\"height:20px\" aria-hidden=\"true\" class=\"wp-block-spacer\"><\/div>\n\n\n\n<p>A t\u00e1rsadalombiztos\u00edt\u00e1s ter\u00fclete az elm\u00falt \u00e9vekben az egyik leg\u00f6sszetettebb \u00e9s leggyorsabban v\u00e1ltoz\u00f3 szakmai ter\u00fclett\u00e9 v\u00e1lt. A jogszab\u00e1lyok m\u00f3dosulnak, az int\u00e9zm\u00e9nyi gyakorlat alakul, a nemzetk\u00f6zi kapcsol\u00f3d\u00e1sok er\u0151s\u00f6dnek, mik\u00f6zben a szakembereknek nap mint nap felel\u0151ss\u00e9gteljes d\u00f6nt\u00e9seket kell hozniuk.<br><\/p>\n\n\n\n<p><strong>Ez a tr\u00e9ningsorozat nem puszt\u00e1n az aktu\u00e1lis v\u00e1ltoz\u00e1sokat ismerteti, hanem&nbsp;rendszerszint\u0171 tud\u00e1st ad.&nbsp;Azoknak sz\u00f3l, akik m\u00e1r rendelkeznek t\u00e1rsadalombiztos\u00edt\u00e1si alapismeretekkel, a gyakorlatban dolgoznak, de szeretn\u00e9k \u00fajra \u00e1tl\u00e1tni az \u00f6sszef\u00fcgg\u00e9seket, \u00e9s nem csak \u201eszab\u00e1lyk\u00f6vet\u0151k\u00e9nt\u201d, hanem tudatos szakemberk\u00e9nt kezelni a felmer\u00fcl\u0151 k\u00e9rd\u00e9seket.<\/strong><\/p>\n\n\n\n<p><strong><mark style=\"background-color:rgba(0, 0, 0, 0);color:#0e76bc\" class=\"has-inline-color\">A k\u00e9pz\u00e9s kiemelten foglalkozik <strong>a 2025\u20132026-os fordul\u00f3pontokka<\/strong>l,&nbsp;<\/mark><\/strong>\u00edgy t\u00f6bbek k\u00f6z\u00f6tt<\/p>\n\n\n\n<ul class=\"wp-block-list\">\n<li>a tart\u00f3s megb\u00edz\u00e1si jogviszony bevezet\u00e9s\u00e9vel,<\/li>\n\n\n\n<li>a biztos\u00edtotti bejelent\u00e9s&nbsp;\u00faj rendszer\u00e9vel (08E),<\/li>\n\n\n\n<li>a szoci\u00e1lis hozz\u00e1j\u00e1rul\u00e1si ad\u00f3&nbsp;egyes&nbsp;\u00faj k\u00f6telezetts\u00e9geivel,<\/li>\n\n\n\n<li>az e-TB kisk\u00f6nyv haszn\u00e1lat\u00e1val,<\/li>\n\n\n\n<li>a megsz\u0171nt biztos\u00edt\u00e1si jogviszonyb\u00f3l sz\u00e1rmaz\u00f3&nbsp;j\u00f6vedelem figyelembev\u00e9tel\u00e9vel,<\/li>\n\n\n\n<li>a sz\u00fcnetel\u0151&nbsp;biztos\u00edt\u00e1si jogviszonyb\u00f3l sz\u00e1rmaz\u00f3&nbsp;biztos\u00edt\u00e1si id\u0151&nbsp;\u00f6sszesz\u00e1m\u00edt\u00e1s\u00e1val.<\/li>\n<\/ul>\n\n\n\n<p>A szab\u00e1lyokat nem&nbsp;\u00f6nmagukban, hanem a mindennapi alkalmaz\u00e1s szempontj\u00e1b\u00f3l, p\u00e9ld\u00e1kon kereszt\u00fcl, a tipikus hib\u00e1k bemutat\u00e1s\u00e1val dolgozzuk fel.<\/p>\n\n\n\n<p><strong>A c\u00e9l, hogy a r\u00e9sztvev\u0151k a k\u00e9pz\u00e9s v\u00e9g\u00e9re tud\u00e1sukat felfriss\u00edtve, magabiztosan, \u00f6sszef\u00fcgg\u00e9seiben \u00e9rtve tudj\u00e1k alkalmazni a t\u00e1rsadalombiztos\u00edt\u00e1s szab\u00e1lyait<\/strong>&nbsp;\u2013 legyen sz\u00f3 jog\u00e1ll\u00e1s-meg\u00e1llap\u00edt\u00e1sr\u00f3l, j\u00e1rul\u00e9kalapr\u00f3l, ell\u00e1t\u00e1sokr\u00f3l vagy adminisztrat\u00edv k\u00f6telezetts\u00e9gekr\u0151l.<\/p>\n\n\n\n<p><strong>R\u00e9szv\u00e9teli m\u00f3d (folyamatos csatlakoz\u00e1si lehet\u0151s\u00e9ggel):&nbsp;VISSZAN\u00c9ZHET\u0150 VIDE\u00d3.<\/strong>&nbsp;K\u00e9nyelmesen otthonr\u00f3l vagy az irod\u00e1b\u00f3l ut\u00f3lagos megtekint\u00e9ssel, a r\u00e9szv\u00e9teli d\u00edj kifizet\u00e9se ut\u00e1n kapott egyedi felhaszn\u00e1l\u00f3n\u00e9vvel \u00e9s jelsz\u00f3val. Az ut\u00f3lagos megtekint\u00e9s azt jelenti, hogy a kurzus felv\u00e9tel\u00e9nek id\u0151pontjai (2026. m\u00e1rcius 10., 17., 24., 31.) ut\u00e1n legk\u00e9s\u0151bb 7 nappal (2026. \u00e1prilis 7.) lehet a vide\u00f3kat el\u0151sz\u00f6r megn\u00e9zni, innent\u0151l kezdve&nbsp;<strong>legk\u00e9s\u0151bb 2026. december 31-ig lehet a vide\u00f3kat korl\u00e1tlan alkalommal megtekinteni.<\/strong><\/p>\n\n\n\n<div class=\"wp-block-buttons is-content-justification-center is-layout-flex wp-container-core-buttons-is-layout-a89b3969 wp-block-buttons-is-layout-flex\">\n<div class=\"wp-block-button\"><a class=\"wp-block-button__link wp-element-button\" href=\"https:\/\/konferenciashop.vezinfo.hu\/TB-AKADEMIA-Video\" target=\"_blank\" rel=\"noreferrer noopener\">Ez kell nekem! \u00bb<\/a><\/div>\n<\/div>\n\n\n\n<div class=\"wp-block-columns alignfull has-background is-layout-flex wp-container-core-columns-is-layout-28f84493 wp-block-columns-is-layout-flex\" style=\"background-color:#d6d6b261\">\n<div class=\"wp-block-column is-layout-flow wp-block-column-is-layout-flow\">\n<h3 class=\"wp-block-heading\">Mir\u0151l lesz sz\u00f3 az Akad\u00e9mi\u00e1n?<\/h3>\n\n\n\n<ul class=\"wp-block-list\">\n<li><strong>T\u00e1rsadalombiztos\u00edt\u00e1si jog\u00e1ll\u00e1s meg\u00e1llap\u00edt\u00e1sa <strong>\u2013 alapelvek \u00e9s kock\u00e1zatok<\/strong><\/strong><\/li>\n\n\n\n<li><strong>Biztos\u00edt\u00e1s elb\u00edr\u00e1l\u00e1sa \u00e9s speci\u00e1lis jogviszonyok<\/strong><\/li>\n\n\n\n<li><strong>J\u00e1rul\u00e9kalap \u00e9s ad\u00f3alap meghat\u00e1roz\u00e1sa<\/strong> <strong>\u2013 fedezeti oldal<\/strong><\/li>\n\n\n\n<li><strong>Szoci\u00e1lis hozz\u00e1j\u00e1rul\u00e1si ad\u00f3 \u00e9s t\u00e1rsas <strong>v\u00e1llalkoz\u00f3kra ir\u00e1nyad\u00f3 szab\u00e1lyok<\/strong><\/strong><\/li>\n\n\n\n<li><strong><strong>Foglalkoztat\u00f3i feladatok az eg\u00e9szs\u00e9gbiztos\u00edt\u00e1s p\u00e9nzbeli ell\u00e1t\u00e1sain\u00e1l \u2013 nem kifizet\u0151helyek<\/strong><\/strong><\/li>\n\n\n\n<li><strong>T\u00e1rsadalombiztos\u00edt\u00e1si kifizet\u0151helyek feladatai<\/strong><\/li>\n\n\n\n<li><strong>Eg\u00e9szs\u00e9gbiztos\u00edt\u00e1s p\u00e9nzbeli ell\u00e1t\u00e1sai<\/strong><\/li>\n\n\n\n<li><strong>Balesetek, \u00fczemi baleset<\/strong><\/li>\n\n\n\n<li><strong>Elj\u00e1r\u00e1si szab\u00e1lyok az ell\u00e1t\u00e1sok tekintet\u00e9ben<\/strong><\/li>\n\n\n\n<li><strong>A fentiekhez kapcsol\u00f3d\u00f3, jogesetek, \u00e9rdekes p\u00e9ld\u00e1k<\/strong><\/li>\n<\/ul>\n\n\n\n<p>++&nbsp;<strong>2025-2026-os kiemelt f\u00f3kuszpontok (\u00e1t\u00edvel\u0151en a teljes k\u00e9pz\u00e9sen):<\/strong><\/p>\n\n\n\n<ul class=\"wp-block-list\">\n<li>Tart\u00f3s megb\u00edz\u00e1si jogviszony, mint \u00faj biztos\u00edt\u00e1si kateg\u00f3ria<\/li>\n\n\n\n<li>Biztos\u00edtotti bejelent\u00e9s \u00faj rendszere (08E, jogviszonysorsz\u00e1m)<\/li>\n\n\n\n<li>Saj\u00e1t jog\u00fa nyugd\u00edjas, any\u00e1k kedvezm\u00e9ny\u00e9t \u00e9rv\u00e9nyes\u00edt\u0151 szem\u00e9lyek szocho-k\u00f6telezetts\u00e9ge<\/li>\n\n\n\n<li>Ell\u00e1t\u00e1sok jogosults\u00e1gi szab\u00e1lyainak v\u00e1ltoz\u00e1s\u00e1r\u00f3l<\/li>\n\n\n\n<li>Az ell\u00e1t\u00e1sok \u00f6sszeg\u00e9re vonatkoz\u00f3 \u00faj rendelkez\u00e9sek gyakorlatban t\u00f6rt\u00e9n\u0151 alkalmaz\u00e1s\u00e1r\u00f3l<\/li>\n\n\n\n<li>Egyszer\u0171s\u00edtett foglalkoztat\u00e1s v\u00e1ltoz\u00e1sai (2025\u20132026)<\/li>\n\n\n\n<li>Munkav\u00e1llal\u00f3i keretek, ellen\u0151rizhet\u0151s\u00e9g<\/li>\n\n\n\n<li>A CSED \u00e9s a GYED ad\u00f3mentess\u00e9g\u00e9re vonatkoz\u00f3 szab\u00e1lyokr\u00f3l<\/li>\n\n\n\n<li>A nevel\u0151sz\u00fcl\u0151i GYED meg\u00e1llap\u00edt\u00e1s\u00e1val kapcsolatos \u00faj szab\u00e1lyokr\u00f3l<\/li>\n<\/ul>\n\n\n\n<div class=\"wp-block-buttons is-layout-flex wp-block-buttons-is-layout-flex\">\n<div class=\"wp-block-button\"><a class=\"wp-block-button__link wp-element-button\" href=\"https:\/\/www.vezinfo.hu\/rendezveny\/tb-akademia-2026031031-kepzes-budapest\/\" target=\"_blank\" rel=\"noreferrer noopener\">R\u00e9szletes tematika \u00bb<\/a><\/div>\n<\/div>\n<\/div>\n\n\n\n<div class=\"wp-block-column is-layout-flow wp-block-column-is-layout-flow\">\n<figure class=\"wp-block-image size-large\"><img loading=\"lazy\" decoding=\"async\" width=\"1024\" height=\"683\" src=\"https:\/\/tbakademia.hu\/wp-content\/uploads\/2024\/10\/img2-1024x683.png\" alt=\"\" class=\"wp-image-58\" srcset=\"https:\/\/tbakademia.hu\/wp-content\/uploads\/2024\/10\/img2-1024x683.png 1024w, https:\/\/tbakademia.hu\/wp-content\/uploads\/2024\/10\/img2-300x200.png 300w, https:\/\/tbakademia.hu\/wp-content\/uploads\/2024\/10\/img2-768x512.png 768w, https:\/\/tbakademia.hu\/wp-content\/uploads\/2024\/10\/img2.png 1500w\" sizes=\"auto, (max-width: 1024px) 100vw, 1024px\" \/><\/figure>\n<\/div>\n<\/div>\n\n\n\n<div class=\"wp-block-columns alignfull is-layout-flex wp-container-core-columns-is-layout-28f84493 wp-block-columns-is-layout-flex\">\n<div class=\"wp-block-column is-layout-flow wp-block-column-is-layout-flow\">\n<figure class=\"wp-block-image size-large\"><img loading=\"lazy\" decoding=\"async\" width=\"1024\" height=\"683\" src=\"https:\/\/tbakademia.hu\/wp-content\/uploads\/2024\/10\/img1-1024x683.png\" alt=\"\" class=\"wp-image-101\" srcset=\"https:\/\/tbakademia.hu\/wp-content\/uploads\/2024\/10\/img1-1024x683.png 1024w, https:\/\/tbakademia.hu\/wp-content\/uploads\/2024\/10\/img1-300x200.png 300w, https:\/\/tbakademia.hu\/wp-content\/uploads\/2024\/10\/img1-768x512.png 768w, https:\/\/tbakademia.hu\/wp-content\/uploads\/2024\/10\/img1.png 1500w\" sizes=\"auto, (max-width: 1024px) 100vw, 1024px\" \/><\/figure>\n<\/div>\n\n\n\n<div class=\"wp-block-column is-layout-flow wp-block-column-is-layout-flow\">\n<h3 class=\"wp-block-heading\">Kinek hasznos ez a tr\u00e9ningsorozat?<\/h3>\n\n\n\n<p><strong>Ez a tr\u00e9ning szisztematikusan fel\u00e9p\u00edti a tb-rendszert az alapokt\u00f3l a specialit\u00e1sokig.<\/strong> <\/p>\n\n\n\n<p>Ha \u00d6n olyan&nbsp;<strong>b\u00e9rsz\u00e1mfejt\u0151, tb-\u00fcgyint\u00e9z\u0151, k\u00f6nyvel\u0151, ad\u00f3tan\u00e1csad\u00f3, ad\u00f3szak\u00e9rt\u0151, HR-es, vagy olyan munkak\u00f6rt t\u00f6lt be, melyhez sz\u00fcks\u00e9ge van a t\u00e1rsadalombiztos\u00edt\u00e1s meghat\u00e1roz\u00f3 szakmai ter\u00fcleteinek hat\u00e1lyos alapismereteinek magasabb szint\u0171 alkalmaz\u00e1s\u00e1ra,<\/strong>&nbsp;r\u00e9gen tanult tb-t, esetleg hosszabb ideig csak egy r\u00e9szter\u00fclettel foglalkozott, de szeretne naprak\u00e9szek lenni, behozni a lemarad\u00e1st, \u00e9rdekl\u0151dnek a t\u00e9ma ir\u00e1nt, szeretn\u00e9 meg\u00e9rteni \u00e9s \u00e1tl\u00e1tni a t\u00e1rsadalombiztos\u00edt\u00e1s rendszer\u00e9t.<\/p>\n\n\n\n<p>Ha \u00e9rezte m\u00e1r \u00fagy, hogy nem kapott \u00e9rdemi v\u00e1laszt a feltett k\u00e9rd\u00e9seire, ezt a tr\u00e9ningsorozatot biztosan nem fogja felesleges id\u0151pazarl\u00e1snak tartani. Erre&nbsp;<strong>Dr. Bogd\u00e1n Zsuzsanna<\/strong>&nbsp;\u00e9s&nbsp;<strong>Sz\u00e9ll Zolt\u00e1nn\u00e9<\/strong>&nbsp;t\u00f6bb \u00e9vtizedes tapasztalata \u00e9s professzion\u00e1lis el\u0151ad\u00f3i gyakorlata a GARANCIA.<\/p>\n<\/div>\n<\/div>\n\n\n\n<h3 class=\"wp-block-heading has-text-align-center\">El\u0151ad\u00f3inkr\u00f3l<\/h3>\n\n\n\n<div class=\"wp-block-columns alignfull is-layout-flex wp-container-core-columns-is-layout-28f84493 wp-block-columns-is-layout-flex\">\n<div class=\"wp-block-column is-layout-flow wp-block-column-is-layout-flow\">\n<figure class=\"wp-block-image aligncenter size-full is-resized\"><img loading=\"lazy\" decoding=\"async\" width=\"712\" height=\"712\" src=\"https:\/\/tbakademia.hu\/wp-content\/uploads\/2024\/10\/bzs2.png\" alt=\"\" class=\"wp-image-81\" style=\"width:300px\" srcset=\"https:\/\/tbakademia.hu\/wp-content\/uploads\/2024\/10\/bzs2.png 712w, https:\/\/tbakademia.hu\/wp-content\/uploads\/2024\/10\/bzs2-300x300.png 300w, https:\/\/tbakademia.hu\/wp-content\/uploads\/2024\/10\/bzs2-150x150.png 150w\" sizes=\"auto, (max-width: 712px) 100vw, 712px\" \/><\/figure>\n\n\n\n<h4 class=\"wp-block-heading has-text-align-center\">Dr. Bogd\u00e1n Zsuzsanna<\/h4>\n\n\n\n<p class=\"has-text-align-center\"><strong>jog\u00e1sz, t\u00e1rsadalombiztos\u00edt\u00e1s szak\u00e9rt\u0151, a Magyar \u00c1llamkincst\u00e1r f\u0151oszt\u00e1lyvezet\u0151je<\/strong><\/p>\n\n\n\n<p>Az eg\u00e9szs\u00e9gbiztos\u00edt\u00e1si ell\u00e1t\u00e1sok t\u00e9ma megker\u00fclhetetlen szaktekint\u00e9lye. T\u00f6bb mint 25 \u00e9ves gyakorlattal rendelkezik a k\u00f6zigazgat\u00e1sban az eg\u00e9szs\u00e9gbiztos\u00edt\u00e1si szakter\u00fcleten. T\u00f6bb mint egy \u00e9vtizeden kereszt\u00fcl az ELTE \u00e9s a SOTE oktat\u00f3ja volt a t\u00e1rsadalombiztos\u00edt\u00e1s, azon bel\u00fcl a p\u00e9nzbeli ell\u00e1t\u00e1sok t\u00e9m\u00e1ban. Sz\u00e1mos eg\u00e9szs\u00e9gbiztos\u00edt\u00e1s p\u00e9nzbeli ell\u00e1t\u00e1sait \u00e9rint\u0151 publik\u00e1ci\u00f3 szerz\u0151je, tov\u00e1bb\u00e1 rendszeres el\u0151ad\u00f3ja szakmai konferenci\u00e1knak.<\/p>\n<\/div>\n\n\n\n<div class=\"wp-block-column is-layout-flow wp-block-column-is-layout-flow\">\n<figure class=\"wp-block-image aligncenter size-full is-resized\"><img loading=\"lazy\" decoding=\"async\" width=\"712\" height=\"712\" src=\"https:\/\/tbakademia.hu\/wp-content\/uploads\/2024\/10\/szz2.png\" alt=\"\" class=\"wp-image-82\" style=\"width:300px\" srcset=\"https:\/\/tbakademia.hu\/wp-content\/uploads\/2024\/10\/szz2.png 712w, https:\/\/tbakademia.hu\/wp-content\/uploads\/2024\/10\/szz2-300x300.png 300w, https:\/\/tbakademia.hu\/wp-content\/uploads\/2024\/10\/szz2-150x150.png 150w\" sizes=\"auto, (max-width: 712px) 100vw, 712px\" \/><\/figure>\n\n\n\n<h4 class=\"wp-block-heading has-text-align-center\">Sz\u00e9ll Zolt\u00e1nn\u00e9<\/h4>\n\n\n\n<p class=\"has-text-align-center\"><strong>t\u00e1rsadalombiztos\u00edt\u00e1si szak\u00e9rt\u0151, az ELTE \u00c1llam \u00e9s Jogtudom\u00e1nyi Kar Szem\u00e9ly\u00fcgyi, munka\u00fcgyi \u00e9s szoci\u00e1lis igazgat\u00e1si szak k\u00fcls\u0151s oktat\u00f3ja, kor\u00e1bban a NAV szakmai f\u0151tan\u00e1csad\u00f3ja<\/strong><\/p>\n\n\n\n<p>A j\u00e1rul\u00e9kszakter\u00fclet megker\u00fclhetetlen szak\u00e9rt\u0151je k\u00f6zel 40 \u00e9ves tapasztalattal rendelkezik. A NAV Szem\u00e9lyi J\u00f6vedelemad\u00f3- \u00e9s J\u00e1rul\u00e9kok Oszt\u00e1ly volt szak\u00e9rt\u0151je, szakmai f\u0151tan\u00e1csad\u00f3ja az elm\u00falt \u00e9vekben r\u00e9szt vett az j\u00e1rul\u00e9k- \u00e9s szoci\u00e1lis hozz\u00e1j\u00e1rul\u00e1si ad\u00f3-szab\u00e1lyoz\u00e1s kidolgoz\u00e1s\u00e1ban, joggyakorlat\u00e1nak kialak\u00edt\u00e1s\u00e1ban. Rendszeres el\u0151ad\u00f3ja szakmai konferenci\u00e1knak, sz\u00e1mos a t\u00e1rsadalombiztos\u00edt\u00e1s fedezeti rendszer\u00e9t \u00e9s a k\u00fclf\u00f6ldiek foglalkoztat\u00e1sa t\u00e1rgy\u00fa szakk\u00f6nyv, publik\u00e1ci\u00f3 szerz\u0151je.<\/p>\n<\/div>\n<\/div>\n\n\n\n<div class=\"wp-block-columns alignfull has-background is-layout-flex wp-container-core-columns-is-layout-28f84493 wp-block-columns-is-layout-flex\" style=\"background-color:#d6d6b270\">\n<div class=\"wp-block-column is-layout-flow wp-block-column-is-layout-flow\">\n<h3 class=\"wp-block-heading\">Mennyibe ker\u00fcl ez a tr\u00e9ningsorozat?<\/h3>\n\n\n\n<p><mark style=\"background-color:rgba(0, 0, 0, 0);color:#de541e\" class=\"has-inline-color\"><strong>Kedvezm\u00e9nyes r\u00e9szv\u00e9teli d\u00edj <strong>2026. \u00e1prilis 30-ig<\/strong>!<\/strong><\/mark><\/p>\n\n\n\n<p>A Vezinf\u00f3 Kiad\u00f3 a jelentkez\u0151knek a tr\u00e9ningsorozat r\u00e9szv\u00e9teli d\u00edj\u00e1b\u00f3l&nbsp;<strong>30% kedvezm\u00e9nyt<\/strong>&nbsp;(214.000 Ft + \u00e1fa\/f\u0151 helyett&nbsp;<strong>149.800 Ft + \u00e1fa\/f\u0151<\/strong>) biztos\u00edt! Az \u00e1fa m\u00e9rt\u00e9ke: 27%.<\/p>\n\n\n\n<h4 class=\"wp-block-heading\">Mit tartalmaz ez az \u00e1r?<\/h4>\n\n\n\n<ul class=\"wp-block-list\">\n<li><strong>16 r\u00e9szes vide\u00f3t, 24 \u00f3ra tananyagot&nbsp;<\/strong>&nbsp;<\/li>\n\n\n\n<li><strong>FAR-rendszerb\u0151l let\u00f6lthet\u0151 \u00c1llami Tan\u00fas\u00edtv\u00e1nyt + Vezinf\u00f3 Certifik\u00e1tot<\/strong>&nbsp;<\/li>\n\n\n\n<li><strong>Ut\u00f3lagos korl\u00e1tlan megtekint\u00e9si lehet\u0151s\u00e9get a tr\u00e9ningr\u0151l k\u00e9sz\u00fclt vide\u00f3felv\u00e9telhez<\/strong>&nbsp;<strong>2026. december 31-ig<\/strong>&nbsp;<\/li>\n\n\n\n<li><strong>Oktat\u00e1si seg\u00e9danyagot elektronikus form\u00e1tumban<\/strong><\/li>\n<\/ul>\n\n\n\n<div class=\"wp-block-buttons is-layout-flex wp-block-buttons-is-layout-flex\">\n<div class=\"wp-block-button\"><a class=\"wp-block-button__link wp-element-button\" href=\"https:\/\/konferenciashop.vezinfo.hu\/TB-AKADEMIA-Video\" target=\"_blank\" rel=\"noreferrer noopener\">K\u00e9rem a vide\u00f3t! \u00bb<\/a><\/div>\n<\/div>\n<\/div>\n\n\n\n<div class=\"wp-block-column is-layout-flow wp-block-column-is-layout-flow\">\n<figure class=\"wp-block-image size-large\"><img loading=\"lazy\" decoding=\"async\" width=\"1024\" height=\"683\" src=\"https:\/\/tbakademia.hu\/wp-content\/uploads\/2026\/01\/img_5UJ2-1024x683.jpg\" alt=\"\" class=\"wp-image-266\" srcset=\"https:\/\/tbakademia.hu\/wp-content\/uploads\/2026\/01\/img_5UJ2-1024x683.jpg 1024w, https:\/\/tbakademia.hu\/wp-content\/uploads\/2026\/01\/img_5UJ2-300x200.jpg 300w, https:\/\/tbakademia.hu\/wp-content\/uploads\/2026\/01\/img_5UJ2-768x512.jpg 768w, https:\/\/tbakademia.hu\/wp-content\/uploads\/2026\/01\/img_5UJ2.jpg 1500w\" sizes=\"auto, (max-width: 1024px) 100vw, 1024px\" \/><\/figure>\n<\/div>\n<\/div>\n\n\n\n<div class=\"wp-block-columns alignfull has-ast-global-color-5-background-color has-background is-layout-flex wp-container-core-columns-is-layout-28f84493 wp-block-columns-is-layout-flex\">\n<div class=\"wp-block-column is-layout-flow wp-block-column-is-layout-flow\">\n<figure class=\"wp-block-image size-full\"><img loading=\"lazy\" decoding=\"async\" width=\"1000\" height=\"673\" src=\"https:\/\/tbakademia.hu\/wp-content\/uploads\/2024\/10\/img6.png\" alt=\"\" class=\"wp-image-103\" srcset=\"https:\/\/tbakademia.hu\/wp-content\/uploads\/2024\/10\/img6.png 1000w, https:\/\/tbakademia.hu\/wp-content\/uploads\/2024\/10\/img6-300x202.png 300w, https:\/\/tbakademia.hu\/wp-content\/uploads\/2024\/10\/img6-768x517.png 768w\" sizes=\"auto, (max-width: 1000px) 100vw, 1000px\" \/><\/figure>\n<\/div>\n\n\n\n<div class=\"wp-block-column is-layout-flow wp-block-column-is-layout-flow\">\n<h3 class=\"wp-block-heading\">\u00c1llami Tan\u00fas\u00edtv\u00e1ny \u00e9s Vezinf\u00f3 Certifik\u00e1t<\/h3>\n\n\n\n<ul class=\"wp-block-list\">\n<li>A tr\u00e9ningnek<strong>&nbsp;nincs bemeneti\/r\u00e9szv\u00e9teli felt\u00e9tele, nem z\u00e1r\u00f3dik vizsg\u00e1val.<\/strong><\/li>\n\n\n\n<li>Minden hallgat\u00f3 a felbecs\u00fclhetetlen tud\u00e1sanyag\u00e9rt vesz r\u00e9szt a tr\u00e9ningsorozaton, saj\u00e1t szakmai el\u0151menetele \u00e9rdek\u00e9ben.<\/li>\n\n\n\n<li>A tr\u00e9ning m\u00e9gis&nbsp;<strong>\u00e9rt\u00e9kes oklev\u00e9llel z\u00e1rul<\/strong>&nbsp;azok sz\u00e1m\u00e1ra, akik a teljes tr\u00e9ningsorozaton r\u00e9szt vettek: egyr\u00e9szt a&nbsp;Feln\u0151ttk\u00e9pz\u00e9si Adatszolg\u00e1ltat\u00e1si Rendszerb\u0151l (FAR-rendszer) let\u00f6lthet\u0151&nbsp;<strong>\u00c1llami Tan\u00fas\u00edtv\u00e1nyt<\/strong>&nbsp;\u00e1ll\u00edtunk ki, m\u00e1sr\u00e9szt a hallgat\u00f3k&nbsp;<strong>Vezinf\u00f3 Certifik\u00e1tot<\/strong>&nbsp;is kapnak.<\/li>\n<\/ul>\n<\/div>\n<\/div>\n\n\n\n<div class=\"wp-block-columns alignfull has-background is-layout-flex wp-container-core-columns-is-layout-28f84493 wp-block-columns-is-layout-flex\" style=\"background-color:#d6d6b270\">\n<div class=\"wp-block-column is-layout-flow wp-block-column-is-layout-flow\">\n<h3 class=\"wp-block-heading\"><strong><strong>R\u00e9szv\u00e9teli m\u00f3d az akad\u00e9mi\u00e1n<\/strong><\/strong><\/h3>\n\n\n\n<p><strong><mark style=\"background-color:rgba(0, 0, 0, 0);color:#0e76bc\" class=\"has-inline-color\"><strong>A vide\u00f3k felv\u00e9tel\u00e9nek id\u0151pontjai:<\/strong><\/mark><\/strong><\/p>\n\n\n\n<p>2026. m\u00e1rcius 10., 17., 24., 31.<\/p>\n\n\n\n<p><mark style=\"background-color:rgba(0, 0, 0, 0);color:#0e76bc\" class=\"has-inline-color\"><strong><strong>VISSZAN\u00c9ZHET\u0150 VIDE\u00d3<\/strong><\/strong><\/mark> (16 r\u00e9szes vide\u00f3, 24 \u00f3ra tananyag)<\/p>\n\n\n\n<p><strong>K\u00e9nyelmesen otthonr\u00f3l vagy az irod\u00e1b\u00f3l ut\u00f3lagos megtekint\u00e9ssel,<\/strong>&nbsp;a r\u00e9szv\u00e9teli d\u00edj kifizet\u00e9se ut\u00e1n kapott egyedi felhaszn\u00e1l\u00f3n\u00e9vvel \u00e9s jelsz\u00f3val. Az ut\u00f3lagos megtekint\u00e9s azt jelenti, hogy a kurzus id\u0151pontjai (2026. m\u00e1rcius 10., 17., 24., 31.) ut\u00e1n legk\u00e9s\u0151bb 7 nappal (2026. \u00e1prilis 7.) lehet a vide\u00f3kat el\u0151sz\u00f6r megn\u00e9zni, innent\u0151l kezdve&nbsp;<strong>legk\u00e9s\u0151bb 2026. december 31-ig lehet a vide\u00f3kat korl\u00e1tlan alkalommal megtekinteni.&nbsp;<\/strong>A vide\u00f3\/e-learning tr\u00e9ning elv\u00e9gz\u00e9s\u00e9r\u0151l egyr\u00e9szt a<strong>&nbsp;Feln\u0151ttk\u00e9pz\u00e9si Adatszolg\u00e1ltat\u00e1si Rendszerb\u0151l (FAR-rendszer) let\u00f6lthet\u0151 \u00c1llami Tan\u00fas\u00edtv\u00e1nyt \u00e1ll\u00edtunk ki, m\u00e1sr\u00e9szt Vezinf\u00f3 Certifik\u00e1tot adunk.<\/strong>&nbsp;Nincs vizsga! Nincs bemeneti felt\u00e9tel.<\/p>\n\n\n\n<div class=\"wp-block-buttons is-layout-flex wp-block-buttons-is-layout-flex\">\n<div class=\"wp-block-button\"><a class=\"wp-block-button__link wp-element-button\" href=\"https:\/\/konferenciashop.vezinfo.hu\/TB-AKADEMIA-Video\" target=\"_blank\" rel=\"noreferrer noopener\">Jelentkezem az akad\u00e9mi\u00e1ra! \u00bb<\/a><\/div>\n<\/div>\n<\/div>\n\n\n\n<div class=\"wp-block-column is-layout-flow wp-block-column-is-layout-flow\">\n<figure class=\"wp-block-image size-full\"><img loading=\"lazy\" decoding=\"async\" width=\"900\" height=\"609\" src=\"https:\/\/tbakademia.hu\/wp-content\/uploads\/2024\/10\/img7.png\" alt=\"\" class=\"wp-image-106\" srcset=\"https:\/\/tbakademia.hu\/wp-content\/uploads\/2024\/10\/img7.png 900w, https:\/\/tbakademia.hu\/wp-content\/uploads\/2024\/10\/img7-300x203.png 300w, https:\/\/tbakademia.hu\/wp-content\/uploads\/2024\/10\/img7-768x520.png 768w\" sizes=\"auto, (max-width: 900px) 100vw, 900px\" \/><\/figure>\n<\/div>\n<\/div>\n","protected":false},"excerpt":{"rendered":"<p>Hi\u00e1nyp\u00f3tl\u00f3 tr\u00e9ningsorozat \u2013 t\u00e1rsadalombiztos\u00edt\u00e1s a gyakorlatban 2026. \u00e1prilis 30-ig m\u00e9g lehet csatlakozni az egyed\u00fcl\u00e1ll\u00f3, \u00c1llami Tan\u00fas\u00edtv\u00e1nyt, Vezinf\u00f3 Certifik\u00e1tot ad\u00f3,\u00a0b\u00e9rsz\u00e1mfejt\u0151knek, tb-\u00fcgyint\u00e9z\u0151knek, [&hellip;]<\/p>\n","protected":false},"author":1,"featured_media":0,"parent":0,"menu_order":0,"comment_status":"closed","ping_status":"closed","template":"","meta":{"site-sidebar-layout":"default","site-content-layout":"","ast-site-content-layout":"","site-content-style":"default","site-sidebar-style":"default","ast-global-header-display":"","ast-banner-title-visibility":"","ast-main-header-display":"","ast-hfb-above-header-display":"","ast-hfb-below-header-display":"","ast-hfb-mobile-header-display":"","site-post-title":"","ast-breadcrumbs-content":"","ast-featured-img":"","footer-sml-layout":"","theme-transparent-header-meta":"","adv-header-id-meta":"","stick-header-meta":"","header-above-stick-meta":"","header-main-stick-meta":"","header-below-stick-meta":"","astra-migrate-meta-layouts":"default","ast-page-background-enabled":"default","ast-page-background-meta":{"desktop":{"background-color":"var(--ast-global-color-4)","background-image":"","background-repeat":"repeat","background-position":"center center","background-size":"auto","background-attachment":"scroll","background-type":"","background-media":"","overlay-type":"","overlay-color":"","overlay-opacity":"","overlay-gradient":""},"tablet":{"background-color":"","background-image":"","background-repeat":"repeat","background-position":"center center","background-size":"auto","background-attachment":"scroll","background-type":"","background-media":"","overlay-type":"","overlay-color":"","overlay-opacity":"","overlay-gradient":""},"mobile":{"background-color":"","background-image":"","background-repeat":"repeat","background-position":"center center","background-size":"auto","background-attachment":"scroll","background-type":"","background-media":"","overlay-type":"","overlay-color":"","overlay-opacity":"","overlay-gradient":""}},"ast-content-background-meta":{"desktop":{"background-color":"var(--ast-global-color-5)","background-image":"","background-repeat":"repeat","background-position":"center center","background-size":"auto","background-attachment":"scroll","background-type":"","background-media":"","overlay-type":"","overlay-color":"","overlay-opacity":"","overlay-gradient":""},"tablet":{"background-color":"var(--ast-global-color-5)","background-image":"","background-repeat":"repeat","background-position":"center center","background-size":"auto","background-attachment":"scroll","background-type":"","background-media":"","overlay-type":"","overlay-color":"","overlay-opacity":"","overlay-gradient":""},"mobile":{"background-color":"var(--ast-global-color-5)","background-image":"","background-repeat":"repeat","background-position":"center center","background-size":"auto","background-attachment":"scroll","background-type":"","background-media":"","overlay-type":"","overlay-color":"","overlay-opacity":"","overlay-gradient":""}},"footnotes":""},"class_list":["post-8","page","type-page","status-publish","hentry"],"yoast_head":"<!-- This site is optimized with the Yoast SEO plugin v27.2 - https:\/\/yoast.com\/product\/yoast-seo-wordpress\/ -->\n<title>TB Akad\u00e9mia<\/title>\n<meta name=\"description\" content=\"2026. m\u00e1rcius 10-\u00e9n indul az egyed\u00fcl\u00e1ll\u00f3 TB AKAD\u00c9MIA\u00a0b\u00e9rsz\u00e1mfejt\u0151knek, tb-\u00fcgyint\u00e9z\u0151knek, HR vezet\u0151knek, k\u00f6nyvel\u0151knek, szem\u00e9ly\u00fcgyi vezet\u0151knek.\" \/>\n<meta name=\"robots\" content=\"index, follow, max-snippet:-1, max-image-preview:large, max-video-preview:-1\" \/>\n<link rel=\"canonical\" href=\"https:\/\/tbakademia.hu\/\" \/>\n<meta property=\"og:locale\" content=\"en_US\" \/>\n<meta property=\"og:type\" content=\"article\" \/>\n<meta property=\"og:title\" content=\"TB Akad\u00e9mia\" \/>\n<meta property=\"og:description\" content=\"2026. m\u00e1rcius 10-\u00e9n indul az egyed\u00fcl\u00e1ll\u00f3 TB AKAD\u00c9MIA\u00a0b\u00e9rsz\u00e1mfejt\u0151knek, tb-\u00fcgyint\u00e9z\u0151knek, HR vezet\u0151knek, k\u00f6nyvel\u0151knek, szem\u00e9ly\u00fcgyi vezet\u0151knek.\" \/>\n<meta property=\"og:url\" content=\"https:\/\/tbakademia.hu\/\" \/>\n<meta property=\"og:site_name\" content=\"Vezinf\u00f3 Kiad\u00f3 Kft.\" \/>\n<meta property=\"article:modified_time\" content=\"2026-03-17T16:32:47+00:00\" \/>\n<meta property=\"og:image\" content=\"https:\/\/tbakademia.hu\/wp-content\/uploads\/2024\/10\/cover.png\" \/>\n\t<meta property=\"og:image:width\" content=\"1920\" \/>\n\t<meta property=\"og:image:height\" content=\"400\" \/>\n\t<meta property=\"og:image:type\" content=\"image\/png\" \/>\n<meta name=\"twitter:card\" content=\"summary_large_image\" \/>\n<meta name=\"twitter:label1\" content=\"Est. reading time\" \/>\n\t<meta name=\"twitter:data1\" content=\"6 minutes\" \/>\n<script type=\"application\/ld+json\" class=\"yoast-schema-graph\">{\"@context\":\"https:\/\/schema.org\",\"@graph\":[{\"@type\":\"WebPage\",\"@id\":\"https:\/\/tbakademia.hu\/\",\"url\":\"https:\/\/tbakademia.hu\/\",\"name\":\"TB Akad\u00e9mia\",\"isPartOf\":{\"@id\":\"https:\/\/tbakademia.hu\/#website\"},\"primaryImageOfPage\":{\"@id\":\"https:\/\/tbakademia.hu\/#primaryimage\"},\"image\":{\"@id\":\"https:\/\/tbakademia.hu\/#primaryimage\"},\"thumbnailUrl\":\"https:\/\/tbakademia.hu\/wp-content\/uploads\/2024\/10\/cover.png\",\"datePublished\":\"2024-10-14T09:37:29+00:00\",\"dateModified\":\"2026-03-17T16:32:47+00:00\",\"description\":\"2026. m\u00e1rcius 10-\u00e9n indul az egyed\u00fcl\u00e1ll\u00f3 TB AKAD\u00c9MIA\u00a0b\u00e9rsz\u00e1mfejt\u0151knek, tb-\u00fcgyint\u00e9z\u0151knek, HR vezet\u0151knek, k\u00f6nyvel\u0151knek, szem\u00e9ly\u00fcgyi vezet\u0151knek.\",\"breadcrumb\":{\"@id\":\"https:\/\/tbakademia.hu\/#breadcrumb\"},\"inLanguage\":\"en-US\",\"potentialAction\":[{\"@type\":\"ReadAction\",\"target\":[\"https:\/\/tbakademia.hu\/\"]}]},{\"@type\":\"ImageObject\",\"inLanguage\":\"en-US\",\"@id\":\"https:\/\/tbakademia.hu\/#primaryimage\",\"url\":\"https:\/\/tbakademia.hu\/wp-content\/uploads\/2024\/10\/cover.png\",\"contentUrl\":\"https:\/\/tbakademia.hu\/wp-content\/uploads\/2024\/10\/cover.png\",\"width\":1920,\"height\":400},{\"@type\":\"BreadcrumbList\",\"@id\":\"https:\/\/tbakademia.hu\/#breadcrumb\",\"itemListElement\":[{\"@type\":\"ListItem\",\"position\":1,\"name\":\"Home\",\"item\":\"https:\/\/tbakademia.hu\/\"},{\"@type\":\"ListItem\",\"position\":2,\"name\":\"F\u0151oldal\"}]},{\"@type\":\"WebSite\",\"@id\":\"https:\/\/tbakademia.hu\/#website\",\"url\":\"https:\/\/tbakademia.hu\/\",\"name\":\"Vezinf\u00f3 Kiad\u00f3 Kft.\",\"description\":\"\",\"publisher\":{\"@id\":\"https:\/\/tbakademia.hu\/#organization\"},\"potentialAction\":[{\"@type\":\"SearchAction\",\"target\":{\"@type\":\"EntryPoint\",\"urlTemplate\":\"https:\/\/tbakademia.hu\/?s={search_term_string}\"},\"query-input\":{\"@type\":\"PropertyValueSpecification\",\"valueRequired\":true,\"valueName\":\"search_term_string\"}}],\"inLanguage\":\"en-US\"},{\"@type\":\"Organization\",\"@id\":\"https:\/\/tbakademia.hu\/#organization\",\"name\":\"Vezinf\u00f3 Kiad\u00f3 Kft.\",\"url\":\"https:\/\/tbakademia.hu\/\",\"logo\":{\"@type\":\"ImageObject\",\"inLanguage\":\"en-US\",\"@id\":\"https:\/\/tbakademia.hu\/#\/schema\/logo\/image\/\",\"url\":\"https:\/\/tbakademia.hu\/wp-content\/uploads\/2024\/10\/vezinfo_logo_b.png\",\"contentUrl\":\"https:\/\/tbakademia.hu\/wp-content\/uploads\/2024\/10\/vezinfo_logo_b.png\",\"width\":500,\"height\":104,\"caption\":\"Vezinf\u00f3 Kiad\u00f3 Kft.\"},\"image\":{\"@id\":\"https:\/\/tbakademia.hu\/#\/schema\/logo\/image\/\"}}]}<\/script>\n<!-- \/ Yoast SEO plugin. -->","yoast_head_json":{"title":"TB Akad\u00e9mia","description":"2026. m\u00e1rcius 10-\u00e9n indul az egyed\u00fcl\u00e1ll\u00f3 TB AKAD\u00c9MIA\u00a0b\u00e9rsz\u00e1mfejt\u0151knek, tb-\u00fcgyint\u00e9z\u0151knek, HR vezet\u0151knek, k\u00f6nyvel\u0151knek, szem\u00e9ly\u00fcgyi vezet\u0151knek.","robots":{"index":"index","follow":"follow","max-snippet":"max-snippet:-1","max-image-preview":"max-image-preview:large","max-video-preview":"max-video-preview:-1"},"canonical":"https:\/\/tbakademia.hu\/","og_locale":"en_US","og_type":"article","og_title":"TB Akad\u00e9mia","og_description":"2026. m\u00e1rcius 10-\u00e9n indul az egyed\u00fcl\u00e1ll\u00f3 TB AKAD\u00c9MIA\u00a0b\u00e9rsz\u00e1mfejt\u0151knek, tb-\u00fcgyint\u00e9z\u0151knek, HR vezet\u0151knek, k\u00f6nyvel\u0151knek, szem\u00e9ly\u00fcgyi vezet\u0151knek.","og_url":"https:\/\/tbakademia.hu\/","og_site_name":"Vezinf\u00f3 Kiad\u00f3 Kft.","article_modified_time":"2026-03-17T16:32:47+00:00","og_image":[{"width":1920,"height":400,"url":"https:\/\/tbakademia.hu\/wp-content\/uploads\/2024\/10\/cover.png","type":"image\/png"}],"twitter_card":"summary_large_image","twitter_misc":{"Est. reading time":"6 minutes"},"schema":{"@context":"https:\/\/schema.org","@graph":[{"@type":"WebPage","@id":"https:\/\/tbakademia.hu\/","url":"https:\/\/tbakademia.hu\/","name":"TB Akad\u00e9mia","isPartOf":{"@id":"https:\/\/tbakademia.hu\/#website"},"primaryImageOfPage":{"@id":"https:\/\/tbakademia.hu\/#primaryimage"},"image":{"@id":"https:\/\/tbakademia.hu\/#primaryimage"},"thumbnailUrl":"https:\/\/tbakademia.hu\/wp-content\/uploads\/2024\/10\/cover.png","datePublished":"2024-10-14T09:37:29+00:00","dateModified":"2026-03-17T16:32:47+00:00","description":"2026. m\u00e1rcius 10-\u00e9n indul az egyed\u00fcl\u00e1ll\u00f3 TB AKAD\u00c9MIA\u00a0b\u00e9rsz\u00e1mfejt\u0151knek, tb-\u00fcgyint\u00e9z\u0151knek, HR vezet\u0151knek, k\u00f6nyvel\u0151knek, szem\u00e9ly\u00fcgyi vezet\u0151knek.","breadcrumb":{"@id":"https:\/\/tbakademia.hu\/#breadcrumb"},"inLanguage":"en-US","potentialAction":[{"@type":"ReadAction","target":["https:\/\/tbakademia.hu\/"]}]},{"@type":"ImageObject","inLanguage":"en-US","@id":"https:\/\/tbakademia.hu\/#primaryimage","url":"https:\/\/tbakademia.hu\/wp-content\/uploads\/2024\/10\/cover.png","contentUrl":"https:\/\/tbakademia.hu\/wp-content\/uploads\/2024\/10\/cover.png","width":1920,"height":400},{"@type":"BreadcrumbList","@id":"https:\/\/tbakademia.hu\/#breadcrumb","itemListElement":[{"@type":"ListItem","position":1,"name":"Home","item":"https:\/\/tbakademia.hu\/"},{"@type":"ListItem","position":2,"name":"F\u0151oldal"}]},{"@type":"WebSite","@id":"https:\/\/tbakademia.hu\/#website","url":"https:\/\/tbakademia.hu\/","name":"Vezinf\u00f3 Kiad\u00f3 Kft.","description":"","publisher":{"@id":"https:\/\/tbakademia.hu\/#organization"},"potentialAction":[{"@type":"SearchAction","target":{"@type":"EntryPoint","urlTemplate":"https:\/\/tbakademia.hu\/?s={search_term_string}"},"query-input":{"@type":"PropertyValueSpecification","valueRequired":true,"valueName":"search_term_string"}}],"inLanguage":"en-US"},{"@type":"Organization","@id":"https:\/\/tbakademia.hu\/#organization","name":"Vezinf\u00f3 Kiad\u00f3 Kft.","url":"https:\/\/tbakademia.hu\/","logo":{"@type":"ImageObject","inLanguage":"en-US","@id":"https:\/\/tbakademia.hu\/#\/schema\/logo\/image\/","url":"https:\/\/tbakademia.hu\/wp-content\/uploads\/2024\/10\/vezinfo_logo_b.png","contentUrl":"https:\/\/tbakademia.hu\/wp-content\/uploads\/2024\/10\/vezinfo_logo_b.png","width":500,"height":104,"caption":"Vezinf\u00f3 Kiad\u00f3 Kft."},"image":{"@id":"https:\/\/tbakademia.hu\/#\/schema\/logo\/image\/"}}]}},"_links":{"self":[{"href":"https:\/\/tbakademia.hu\/index.php?rest_route=\/wp\/v2\/pages\/8","targetHints":{"allow":["GET"]}}],"collection":[{"href":"https:\/\/tbakademia.hu\/index.php?rest_route=\/wp\/v2\/pages"}],"about":[{"href":"https:\/\/tbakademia.hu\/index.php?rest_route=\/wp\/v2\/types\/page"}],"author":[{"embeddable":true,"href":"https:\/\/tbakademia.hu\/index.php?rest_route=\/wp\/v2\/users\/1"}],"replies":[{"embeddable":true,"href":"https:\/\/tbakademia.hu\/index.php?rest_route=%2Fwp%2Fv2%2Fcomments&post=8"}],"version-history":[{"count":149,"href":"https:\/\/tbakademia.hu\/index.php?rest_route=\/wp\/v2\/pages\/8\/revisions"}],"predecessor-version":[{"id":282,"href":"https:\/\/tbakademia.hu\/index.php?rest_route=\/wp\/v2\/pages\/8\/revisions\/282"}],"wp:attachment":[{"href":"https:\/\/tbakademia.hu\/index.php?rest_route=%2Fwp%2Fv2%2Fmedia&parent=8"}],"curies":[{"name":"wp","href":"https:\/\/api.w.org\/{rel}","templated":true}]}}